{"id":2489,"date":"2025-03-25T16:53:27","date_gmt":"2025-03-25T08:53:27","guid":{"rendered":"https:\/\/carbonfibercfk.com\/?post_type=avada_portfolio&#038;p=2489"},"modified":"2025-06-30T14:43:35","modified_gmt":"2025-06-30T06:43:35","slug":"barras-e-perfis-de-fibra-de-carbono-pultrudidos","status":"publish","type":"avada_portfolio","link":"https:\/\/carbonfibercfk.com\/pt\/produtos\/barras-e-perfis-de-fibra-de-carbono-pultrudidos\/","title":{"rendered":"Barras e perfis de fibra de carbono pultrudidos"},"content":{"rendered":"<div class=\"fusion-fullwidth fullwidth-box fusion-builder-row-1 fusion-flex-container has-pattern-background has-mask-background nonhundred-percent-fullwidth non-hundred-percent-height-scrolling\" style=\"--awb-border-radius-top-left:0px;--awb-border-radius-top-right:0px;--awb-border-radius-bottom-right:0px;--awb-border-radius-bottom-left:0px;--awb-flex-wrap:wrap;\" ><div class=\"fusion-builder-row fusion-row fusion-flex-align-items-flex-start fusion-flex-content-wrap\" style=\"max-width:1248px;margin-left: calc(-4% \/ 2 );margin-right: calc(-4% \/ 2 );\"><div class=\"fusion-layout-column fusion_builder_column fusion-builder-column-0 fusion_builder_column_1_1 1_1 fusion-flex-column\" style=\"--awb-bg-size:cover;--awb-width-large:100%;--awb-spacing-right-large:1.92%;--awb-margin-bottom-large:0px;--awb-spacing-left-large:1.92%;--awb-width-medium:100%;--awb-order-medium:0;--awb-spacing-right-medium:1.92%;--awb-spacing-left-medium:1.92%;--awb-width-small:100%;--awb-order-small:0;--awb-spacing-right-small:1.92%;--awb-spacing-left-small:1.92%;\"><div class=\"fusion-column-wrapper fusion-column-has-shadow fusion-flex-justify-content-flex-start fusion-content-layout-column\"><div class=\"fusion-title title fusion-title-1 fusion-sep-none fusion-title-center fusion-title-text fusion-title-size-one\" style=\"--awb-margin-top-small:10px;--awb-margin-right-small:0px;--awb-margin-bottom-small:10px;--awb-margin-left-small:0px;--awb-font-size:50px;\"><h1 class=\"fusion-title-heading title-heading-center fusion-responsive-typography-calculated\" style=\"margin:0;font-size:1em;--fontSize:50;line-height:var(--awb-typography1-line-height);\">Var\u00e3o e perfil de fibra de carbono pultrudido<\/h1><\/div><div class=\"fusion-builder-row fusion-builder-row-inner fusion-row fusion-flex-align-items-flex-start fusion-flex-content-wrap\" style=\"--awb-flex-grow:0;--awb-flex-grow-medium:0;--awb-flex-grow-small:0;--awb-flex-shrink:0;--awb-flex-shrink-medium:0;--awb-flex-shrink-small:0;width:104% !important;max-width:104% !important;margin-left: calc(-4% \/ 2 );margin-right: calc(-4% \/ 2 );\"><div class=\"fusion-layout-column fusion_builder_column_inner fusion-builder-nested-column-0 fusion_builder_column_inner_1_2 1_2 fusion-flex-column\" style=\"--awb-bg-size:cover;--awb-width-large:50%;--awb-spacing-right-large:3.84%;--awb-margin-bottom-large:0px;--awb-spacing-left-large:3.84%;--awb-width-medium:50%;--awb-order-medium:0;--awb-spacing-right-medium:3.84%;--awb-spacing-left-medium:3.84%;--awb-width-small:100%;--awb-order-small:0;--awb-spacing-right-small:1.92%;--awb-spacing-left-small:1.92%;\"><div class=\"fusion-column-wrapper fusion-column-has-shadow fusion-flex-justify-content-flex-start fusion-content-layout-column\"><div class=\"fusion-image-element\" style=\"--awb-caption-title-font-family:var(--h2_typography-font-family);--awb-caption-title-font-weight:var(--h2_typography-font-weight);--awb-caption-title-font-style:var(--h2_typography-font-style);--awb-caption-title-size:var(--h2_typography-font-size);--awb-caption-title-transform:var(--h2_typography-text-transform);--awb-caption-title-line-height:var(--h2_typography-line-height);--awb-caption-title-letter-spacing:var(--h2_typography-letter-spacing);\"><span class=\"fusion-imageframe imageframe-none imageframe-1 hover-type-none\"><img fetchpriority=\"high\" decoding=\"async\" width=\"800\" height=\"1200\" alt=\"Haste e perfil em fibra de carbono pultruida\" title=\"Var\u00e3o e perfil pultrudidos\" src=\"https:\/\/carbonfibercfk.com\/wp-content\/uploads\/2025\/03\/Pultruded-Rod-and-Profile-scaled.jpg\" data-orig-src=\"https:\/\/carbonfibercfk.com\/wp-content\/uploads\/2025\/03\/Pultruded-Rod-and-Profile-800x1200.jpg\" class=\"lazyload img-responsive wp-image-2492\" srcset=\"data:image\/svg+xml,%3Csvg%20xmlns%3D%27http%3A%2F%2Fwww.w3.org%2F2000%2Fsvg%27%20width%3D%271707%27%20height%3D%272560%27%20viewBox%3D%270%200%201707%202560%27%3E%3Crect%20width%3D%271707%27%20height%3D%272560%27%20fill-opacity%3D%220%22%2F%3E%3C%2Fsvg%3E\" data-srcset=\"https:\/\/carbonfibercfk.com\/wp-content\/uploads\/2025\/03\/Pultruded-Rod-and-Profile-200x300.jpg 200w, https:\/\/carbonfibercfk.com\/wp-content\/uploads\/2025\/03\/Pultruded-Rod-and-Profile-400x600.jpg 400w, https:\/\/carbonfibercfk.com\/wp-content\/uploads\/2025\/03\/Pultruded-Rod-and-Profile-600x900.jpg 600w, https:\/\/carbonfibercfk.com\/wp-content\/uploads\/2025\/03\/Pultruded-Rod-and-Profile-800x1200.jpg 800w, https:\/\/carbonfibercfk.com\/wp-content\/uploads\/2025\/03\/Pultruded-Rod-and-Profile-1200x1800.jpg 1200w, https:\/\/carbonfibercfk.com\/wp-content\/uploads\/2025\/03\/Pultruded-Rod-and-Profile-scaled.jpg 1707w\" data-sizes=\"auto\" data-orig-sizes=\"(max-width: 800px) 100vw, 600px\" \/><\/span><\/div><\/div><\/div><div class=\"fusion-layout-column fusion_builder_column_inner fusion-builder-nested-column-1 fusion_builder_column_inner_1_2 1_2 fusion-flex-column\" style=\"--awb-bg-size:cover;--awb-width-large:50%;--awb-spacing-right-large:3.84%;--awb-margin-bottom-large:0px;--awb-spacing-left-large:3.84%;--awb-width-medium:50%;--awb-order-medium:0;--awb-spacing-right-medium:3.84%;--awb-spacing-left-medium:3.84%;--awb-width-small:100%;--awb-order-small:0;--awb-spacing-right-small:1.92%;--awb-spacing-left-small:1.92%;\"><div class=\"fusion-column-wrapper fusion-column-has-shadow fusion-flex-justify-content-flex-start fusion-content-layout-column\"><div class=\"fusion-text fusion-text-1\"><p>Como fabricante l\u00edder de fibra de carbono, a E-YOUNG composites \u00e9 especializada em perfis e barras de fibra de carbono pultrudidas de alto desempenho para aplica\u00e7\u00f5es industriais. A nossa tecnologia avan\u00e7ada de pultrus\u00e3o permite a personaliza\u00e7\u00e3o precisa de tubos de fibra de carbono, varetas s\u00f3lidas e perfis de forma complexa para satisfazer as suas especifica\u00e7\u00f5es exactas.<\/p>\n<\/div><div class=\"fusion-title title fusion-title-2 fusion-sep-none fusion-title-text fusion-title-size-four\" style=\"--awb-margin-top-small:10px;--awb-margin-right-small:0px;--awb-margin-bottom-small:10px;--awb-margin-left-small:0px;\"><h4 class=\"fusion-title-heading title-heading-left fusion-responsive-typography-calculated\" style=\"margin:0;--fontSize:30;line-height:1.4;\">Porqu\u00ea escolher os nossos produtos de fibra de carbono pultrudida?<\/h4><\/div><ul style=\"--awb-line-height:27.2px;--awb-icon-width:27.2px;--awb-icon-height:27.2px;--awb-icon-margin:11.2px;--awb-content-margin:38.4px;--awb-circlecolor:var(--awb-color4);--awb-circle-yes-font-size:14.08px;\" class=\"fusion-checklist fusion-checklist-1 fusion-checklist-default type-icons\"><li class=\"fusion-li-item\" style=\"\"><span class=\"icon-wrapper circle-yes\"><i class=\"fusion-li-icon awb-icon-check\" aria-hidden=\"true\"><\/i><\/span><div class=\"fusion-li-item-content\">\n<p><strong>Dimens\u00f5es \u00e0 medida<\/strong>: Tamanhos OD\/ID personalizados de 2mm a 200mm+<\/p>\n<\/div><\/li><li class=\"fusion-li-item\" style=\"\"><span class=\"icon-wrapper circle-yes\"><i class=\"fusion-li-icon awb-icon-check\" aria-hidden=\"true\"><\/i><\/span><div class=\"fusion-li-item-content\">\n<p><strong>Otimiza\u00e7\u00e3o de materiais<\/strong>: Escolha entre sistemas de resinas ep\u00f3xi, \u00e9ster vin\u00edlico ou especiais<\/p>\n<\/div><\/li><li class=\"fusion-li-item\" style=\"\"><span class=\"icon-wrapper circle-yes\"><i class=\"fusion-li-icon awb-icon-check\" aria-hidden=\"true\"><\/i><\/span><div class=\"fusion-li-item-content\">\n<p><strong>Op\u00e7\u00f5es de refor\u00e7o<\/strong>: Alinhamento de fibras unidirecional ou multidirecional<\/p>\n<\/div><\/li><li class=\"fusion-li-item\" style=\"\"><span class=\"icon-wrapper circle-yes\"><i class=\"fusion-li-icon awb-icon-check\" aria-hidden=\"true\"><\/i><\/span><div class=\"fusion-li-item-content\">\n<p><strong>Texturas de superf\u00edcie<\/strong>: Acabamento brilhante ou superf\u00edcies polidas dispon\u00edveis<\/p>\n<\/div><\/li><li class=\"fusion-li-item\" style=\"\"><span class=\"icon-wrapper circle-yes\"><i class=\"fusion-li-icon awb-icon-check\" aria-hidden=\"true\"><\/i><\/span><div class=\"fusion-li-item-content\">\n<p><strong>Qualidade certificada<\/strong>: Processo de fabrico em conformidade com a norma ISO 9001<\/p>\n<\/div><\/li><\/ul><div class=\"fusion-title title fusion-title-3 fusion-sep-none fusion-title-text fusion-title-size-four\" style=\"--awb-margin-top-small:10px;--awb-margin-right-small:0px;--awb-margin-bottom-small:10px;--awb-margin-left-small:0px;\"><h4 class=\"fusion-title-heading title-heading-left fusion-responsive-typography-calculated\" style=\"margin:0;--fontSize:30;line-height:1.4;\"><strong>Principais aplica\u00e7\u00f5es de perfis e hastes de fibra de carbono pultrudada<\/strong><\/h4><\/div><ul style=\"--awb-line-height:27.2px;--awb-icon-width:27.2px;--awb-icon-height:27.2px;--awb-icon-margin:11.2px;--awb-content-margin:38.4px;--awb-circlecolor:var(--awb-color4);--awb-circle-yes-font-size:14.08px;\" class=\"fusion-checklist fusion-checklist-2 fusion-checklist-default type-icons\"><li class=\"fusion-li-item\" style=\"\"><span class=\"icon-wrapper circle-yes\"><i class=\"fusion-li-icon awb-icon-check\" aria-hidden=\"true\"><\/i><\/span><div class=\"fusion-li-item-content\">Componentes estruturais aeroespaciais<\/div><\/li><li class=\"fusion-li-item\" style=\"\"><span class=\"icon-wrapper circle-yes\"><i class=\"fusion-li-icon awb-icon-check\" aria-hidden=\"true\"><\/i><\/span><div class=\"fusion-li-item-content\">Estruturas e bra\u00e7os de UAV\/Drone<\/div><\/li><li class=\"fusion-li-item\" style=\"\"><span class=\"icon-wrapper circle-yes\"><i class=\"fusion-li-icon awb-icon-check\" aria-hidden=\"true\"><\/i><\/span><div class=\"fusion-li-item-content\">Rob\u00f3tica e sistemas de automa\u00e7\u00e3o<\/div><\/li><li class=\"fusion-li-item\" style=\"\"><span class=\"icon-wrapper circle-yes\"><i class=\"fusion-li-icon awb-icon-check\" aria-hidden=\"true\"><\/i><\/span><div class=\"fusion-li-item-content\">Sistemas de isolamento de alta tens\u00e3o<\/div><\/li><li class=\"fusion-li-item\" style=\"\"><span class=\"icon-wrapper circle-yes\"><i class=\"fusion-li-icon awb-icon-check\" aria-hidden=\"true\"><\/i><\/span><div class=\"fusion-li-item-content\">Elementos arquitect\u00f3nicos leves<\/div><\/li><\/ul><div class=\"fusion-title title fusion-title-4 fusion-sep-none fusion-title-text fusion-title-size-four\" style=\"--awb-margin-top-small:10px;--awb-margin-right-small:0px;--awb-margin-bottom-small:10px;--awb-margin-left-small:0px;\"><h4 class=\"fusion-title-heading title-heading-left fusion-responsive-typography-calculated\" style=\"margin:0;--fontSize:30;line-height:1.4;\"><strong>Capacidades de personaliza\u00e7\u00e3o<\/strong><\/h4><\/div><ul style=\"--awb-line-height:27.2px;--awb-icon-width:27.2px;--awb-icon-height:27.2px;--awb-icon-margin:11.2px;--awb-content-margin:38.4px;--awb-circlecolor:var(--awb-color4);--awb-circle-yes-font-size:14.08px;\" class=\"fusion-checklist fusion-checklist-3 fusion-checklist-default type-icons\"><li class=\"fusion-li-item\" style=\"\"><span class=\"icon-wrapper circle-yes\"><i class=\"fusion-li-icon awb-icon-check\" aria-hidden=\"true\"><\/i><\/span><div class=\"fusion-li-item-content\">Modelos com espessura de parede vari\u00e1vel<\/div><\/li><li class=\"fusion-li-item\" style=\"\"><span class=\"icon-wrapper circle-yes\"><i class=\"fusion-li-icon awb-icon-check\" aria-hidden=\"true\"><\/i><\/span><div class=\"fusion-li-item-content\">Perfis geom\u00e9tricos personalizados (canal C, viga I, tubos rectangulares)<\/div><\/li><li class=\"fusion-li-item\" style=\"\"><span class=\"icon-wrapper circle-yes\"><i class=\"fusion-li-icon awb-icon-check\" aria-hidden=\"true\"><\/i><\/span><div class=\"fusion-li-item-content\">Op\u00e7\u00f5es de resina condutora\/n\u00e3o condutora<\/div><\/li><li class=\"fusion-li-item\" style=\"\"><span class=\"icon-wrapper circle-yes\"><i class=\"fusion-li-icon awb-icon-check\" aria-hidden=\"true\"><\/i><\/span><div class=\"fusion-li-item-content\">Formula\u00e7\u00f5es resistentes aos raios UV e retardadoras de chama<\/div><\/li><\/ul><div class=\"fusion-text fusion-text-2\"><p>Contacte-nos para saber mais sobre perfis e var\u00f5es de fibra de carbono pultrudidos <a href=\"https:\/\/carbonfibercfk.com\/pt\/contactar-nos\/\">https:\/\/carbonfibercfk.com\/contact-us\/<\/a> ou envie-nos um e-mail para <span style=\"color: var(--awb-color5);\">info@carbonfibercfk.com<\/span><\/p>\n<\/div><\/div><\/div><\/div><div class=\"fusion-builder-row fusion-builder-row-inner fusion-row fusion-flex-align-items-flex-start fusion-flex-content-wrap\" style=\"--awb-flex-grow:0;--awb-flex-grow-medium:0;--awb-flex-grow-small:0;--awb-flex-shrink:0;--awb-flex-shrink-medium:0;--awb-flex-shrink-small:0;width:104% !important;max-width:104% !important;margin-left: calc(-4% \/ 2 );margin-right: calc(-4% \/ 2 );\"><div class=\"fusion-layout-column fusion_builder_column_inner fusion-builder-nested-column-2 fusion_builder_column_inner_1_1 1_1 fusion-flex-column\" style=\"--awb-bg-size:cover;--awb-width-large:100%;--awb-spacing-right-large:1.92%;--awb-margin-bottom-large:0px;--awb-spacing-left-large:1.92%;--awb-width-medium:100%;--awb-order-medium:0;--awb-spacing-right-medium:1.92%;--awb-spacing-left-medium:1.92%;--awb-width-small:100%;--awb-order-small:0;--awb-spacing-right-small:1.92%;--awb-spacing-left-small:1.92%;\"><div class=\"fusion-column-wrapper fusion-column-has-shadow fusion-flex-justify-content-flex-start fusion-content-layout-column\"><div class=\"fusion-title title fusion-title-5 fusion-sep-none fusion-title-center fusion-title-text fusion-title-size-two\" style=\"--awb-margin-top-small:10px;--awb-margin-right-small:0px;--awb-margin-bottom-small:10px;--awb-margin-left-small:0px;\"><h2 class=\"fusion-title-heading title-heading-center fusion-responsive-typography-calculated\" style=\"margin:0;--fontSize:50;line-height:1.3;\">processamento por pultrus\u00e3o<\/h2><\/div><div class=\"fusion-image-element\" style=\"text-align:center;--awb-caption-title-font-family:var(--h2_typography-font-family);--awb-caption-title-font-weight:var(--h2_typography-font-weight);--awb-caption-title-font-style:var(--h2_typography-font-style);--awb-caption-title-size:var(--h2_typography-font-size);--awb-caption-title-transform:var(--h2_typography-text-transform);--awb-caption-title-line-height:var(--h2_typography-line-height);--awb-caption-title-letter-spacing:var(--h2_typography-letter-spacing);\"><span class=\"fusion-imageframe imageframe-none imageframe-2 hover-type-none\"><img decoding=\"async\" width=\"800\" height=\"800\" alt=\"varetas de fibra de carbono pultru\u00eddas\" title=\"pultrus\u00e3oProcessamento\" src=\"https:\/\/carbonfibercfk.com\/wp-content\/uploads\/2025\/03\/pultrusionProcessing.png\" data-orig-src=\"https:\/\/carbonfibercfk.com\/wp-content\/uploads\/2025\/03\/pultrusionProcessing-800x800.png\" class=\"lazyload img-responsive wp-image-2499\" srcset=\"data:image\/svg+xml,%3Csvg%20xmlns%3D%27http%3A%2F%2Fwww.w3.org%2F2000%2Fsvg%27%20width%3D%271200%27%20height%3D%271200%27%20viewBox%3D%270%200%201200%201200%27%3E%3Crect%20width%3D%271200%27%20height%3D%271200%27%20fill-opacity%3D%220%22%2F%3E%3C%2Fsvg%3E\" data-srcset=\"https:\/\/carbonfibercfk.com\/wp-content\/uploads\/2025\/03\/pultrusionProcessing-200x200.png 200w, https:\/\/carbonfibercfk.com\/wp-content\/uploads\/2025\/03\/pultrusionProcessing-400x400.png 400w, https:\/\/carbonfibercfk.com\/wp-content\/uploads\/2025\/03\/pultrusionProcessing-600x600.png 600w, https:\/\/carbonfibercfk.com\/wp-content\/uploads\/2025\/03\/pultrusionProcessing-800x800.png 800w, https:\/\/carbonfibercfk.com\/wp-content\/uploads\/2025\/03\/pultrusionProcessing.png 1200w\" data-sizes=\"auto\" data-orig-sizes=\"(max-width: 800px) 100vw, 800px\" \/><\/span><\/div><\/div><\/div><\/div><\/div><\/div><\/div><\/div>","protected":false},"excerpt":{"rendered":"","protected":false},"author":1,"featured_media":2490,"menu_order":0,"comment_status":"closed","ping_status":"closed","template":"","format":"standard","meta":{"footnotes":""},"portfolio_category":[87],"portfolio_skills":[],"portfolio_tags":[],"class_list":["post-2489","avada_portfolio","type-avada_portfolio","status-publish","format-standard","has-post-thumbnail","hentry","portfolio_category-pultruded-rod-and-profile"],"jetpack_sharing_enabled":true,"_links":{"self":[{"href":"https:\/\/carbonfibercfk.com\/pt\/wp-json\/wp\/v2\/avada_portfolio\/2489","targetHints":{"allow":["GET"]}}],"collection":[{"href":"https:\/\/carbonfibercfk.com\/pt\/wp-json\/wp\/v2\/avada_portfolio"}],"about":[{"href":"https:\/\/carbonfibercfk.com\/pt\/wp-json\/wp\/v2\/types\/avada_portfolio"}],"author":[{"embeddable":true,"href":"https:\/\/carbonfibercfk.com\/pt\/wp-json\/wp\/v2\/users\/1"}],"replies":[{"embeddable":true,"href":"https:\/\/carbonfibercfk.com\/pt\/wp-json\/wp\/v2\/comments?post=2489"}],"version-history":[{"count":15,"href":"https:\/\/carbonfibercfk.com\/pt\/wp-json\/wp\/v2\/avada_portfolio\/2489\/revisions"}],"predecessor-version":[{"id":2582,"href":"https:\/\/carbonfibercfk.com\/pt\/wp-json\/wp\/v2\/avada_portfolio\/2489\/revisions\/2582"}],"wp:featuredmedia":[{"embeddable":true,"href":"https:\/\/carbonfibercfk.com\/pt\/wp-json\/wp\/v2\/media\/2490"}],"wp:attachment":[{"href":"https:\/\/carbonfibercfk.com\/pt\/wp-json\/wp\/v2\/media?parent=2489"}],"wp:term":[{"taxonomy":"portfolio_category","embeddable":true,"href":"https:\/\/carbonfibercfk.com\/pt\/wp-json\/wp\/v2\/portfolio_category?post=2489"},{"taxonomy":"portfolio_skills","embeddable":true,"href":"https:\/\/carbonfibercfk.com\/pt\/wp-json\/wp\/v2\/portfolio_skills?post=2489"},{"taxonomy":"portfolio_tags","embeddable":true,"href":"https:\/\/carbonfibercfk.com\/pt\/wp-json\/wp\/v2\/portfolio_tags?post=2489"}],"curies":[{"name":"wp","href":"https:\/\/api.w.org\/{rel}","templated":true}]}}